{"id":1645,"date":"2019-04-02T15:34:11","date_gmt":"2019-04-02T13:34:11","guid":{"rendered":"https:\/\/sandbox2.n-3rd.com\/supeco\/?page_id=1645"},"modified":"2025-05-26T15:17:55","modified_gmt":"2025-05-26T13:17:55","slug":"qui-sommes-nous","status":"publish","type":"page","link":"https:\/\/sbx82.cod.cc\/cfao\/supeco\/qui-sommes-nous\/","title":{"rendered":"Qui sommes nous ?"},"content":{"rendered":"\t\t<div data-elementor-type=\"wp-page\" data-elementor-id=\"1645\" class=\"elementor elementor-1645\" data-elementor-post-type=\"page\">\n\t\t\t\t<div class=\"elementor-element elementor-element-a1919a9 e-flex e-con-boxed e-con e-parent\" data-id=\"a1919a9\" data-element_type=\"container\">\n\t\t\t\t\t<div class=\"e-con-inner\">\n\t\t\t\t<div class=\"elementor-element elementor-element-08f91cb elementor-widget elementor-widget-spacer\" data-id=\"08f91cb\" data-element_type=\"widget\" data-widget_type=\"spacer.default\">\n\t\t\t\t<div class=\"elementor-widget-container\">\n\t\t\t\t\t\t\t<div class=\"elementor-spacer\">\n\t\t\t<div class=\"elementor-spacer-inner\"><\/div>\n\t\t<\/div>\n\t\t\t\t\t\t<\/div>\n\t\t\t\t<\/div>\n\t\t\t\t<div class=\"elementor-element elementor-element-1b8e2ef elementor-widget elementor-widget-heading\" data-id=\"1b8e2ef\" data-element_type=\"widget\" data-widget_type=\"heading.default\">\n\t\t\t\t<div class=\"elementor-widget-container\">\n\t\t\t\t\t<h2 class=\"elementor-heading-title elementor-size-default\">Qui sommes-nous ?<\/h2>\t\t\t\t<\/div>\n\t\t\t\t<\/div>\n\t\t\t\t<div class=\"elementor-element elementor-element-88e38e4 p-m-0 elementor-widget elementor-widget-text-editor\" data-id=\"88e38e4\" data-element_type=\"widget\" data-widget_type=\"text-editor.default\">\n\t\t\t\t<div class=\"elementor-widget-container\">\n\t\t\t\t\t\t\t\t\t<div class=\"kc-elm kc-css-64548 kc_text_block\"><p>Supeco, enseigne du groupe Carrefour, d\u00e9bute son aventure en avril 2019 en Afrique sub-saharienne \u00e0 Dakar, S\u00e9n\u00e9gal, o\u00f9 le concept est op\u00e9r\u00e9 par CFAO Retail dans le cadre de la coentreprise Carrefour\/CFAO.<\/p><p dir=\"ltr\">Supeco arrive \u00e0 Abidjan, C\u00f4te d\u2019Ivoire, en Janvier 2020 et ouvre ses portes dans le quartier de Niangon sud.\u00a0<\/p><p dir=\"ltr\">\u00a0<\/p><\/div><div class=\"kc-elm kc-css-805461 kc_text_block\"><p>L\u2019enseigne Supeco est d\u00e9j\u00e0 pr\u00e9sente en Espagne, Italie, Roumanie, Pologne, au Br\u00e9sil et au Maroc.<\/p><\/div>\t\t\t\t\t\t\t\t<\/div>\n\t\t\t\t<\/div>\n\t\t\t\t<div class=\"elementor-element elementor-element-033010c elementor-widget elementor-widget-image\" data-id=\"033010c\" data-element_type=\"widget\" data-widget_type=\"image.default\">\n\t\t\t\t<div class=\"elementor-widget-container\">\n\t\t\t\t\t\t\t\t\t\t\t\t\t\t\t<img fetchpriority=\"high\" decoding=\"async\" width=\"768\" height=\"512\" src=\"https:\/\/sbx82.cod.cc\/cfao\/supeco\/wp-content\/uploads\/2020\/01\/TRC_1497-s-768x512.jpg\" class=\"attachment-medium_large size-medium_large wp-image-2104\" alt=\"\" srcset=\"https:\/\/sbx82.cod.cc\/cfao\/supeco\/wp-content\/uploads\/2020\/01\/TRC_1497-s-768x512.jpg 768w, https:\/\/sbx82.cod.cc\/cfao\/supeco\/wp-content\/uploads\/2020\/01\/TRC_1497-s-300x200.jpg 300w, https:\/\/sbx82.cod.cc\/cfao\/supeco\/wp-content\/uploads\/2020\/01\/TRC_1497-s-1024x682.jpg 1024w, https:\/\/sbx82.cod.cc\/cfao\/supeco\/wp-content\/uploads\/2020\/01\/TRC_1497-s.jpg 1238w\" sizes=\"(max-width: 768px) 100vw, 768px\" \/>\t\t\t\t\t\t\t\t\t\t\t\t\t\t\t<\/div>\n\t\t\t\t<\/div>\n\t\t\t\t\t<\/div>\n\t\t\t\t<\/div>\n\t\t\t\t<\/div>\n\t\t","protected":false},"excerpt":{"rendered":"<p>Qui sommes-nous ? Supeco, enseigne du groupe Carrefour, d\u00e9bute son aventure en avril 2019 en Afrique sub-saharienne \u00e0 Dakar, S\u00e9n\u00e9gal, o\u00f9 le concept est op\u00e9r\u00e9 par CFAO Retail dans le cadre de la coentreprise Carrefour\/CFAO. Supeco arrive \u00e0 Abidjan, C\u00f4te d\u2019Ivoire, en Janvier 2020 et ouvre ses portes dans le quartier de Niangon sud.\u00a0 \u00a0 [&hellip;]<\/p>\n","protected":false},"author":1,"featured_media":0,"parent":0,"menu_order":0,"comment_status":"closed","ping_status":"closed","template":"","meta":{"_acf_changed":false,"footnotes":""},"class_list":["post-1645","page","type-page","status-publish","hentry"],"pp_force_visibility":null,"pp_subpost_visibility":null,"pp_inherited_force_visibility":null,"pp_inherited_subpost_visibility":null,"acf":[],"yoast_head":"<!-- This site is optimized with the Yoast SEO plugin v25.2 - https:\/\/yoast.com\/wordpress\/plugins\/seo\/ -->\n<title>Qui sommes nous ? - Supeco<\/title>\n<meta name=\"robots\" content=\"index, follow, max-snippet:-1, max-image-preview:large, max-video-preview:-1\" \/>\n<link rel=\"canonical\" href=\"https:\/\/sbx82.cod.cc\/cfao\/supeco\/qui-sommes-nous\/\" \/>\n<meta property=\"og:locale\" content=\"fr_FR\" \/>\n<meta property=\"og:type\" content=\"article\" \/>\n<meta property=\"og:title\" content=\"Qui sommes nous ? - Supeco\" \/>\n<meta property=\"og:description\" content=\"Qui sommes-nous ? Supeco, enseigne du groupe Carrefour, d\u00e9bute son aventure en avril 2019 en Afrique sub-saharienne \u00e0 Dakar, S\u00e9n\u00e9gal, o\u00f9 le concept est op\u00e9r\u00e9 par CFAO Retail dans le cadre de la coentreprise Carrefour\/CFAO. Supeco arrive \u00e0 Abidjan, C\u00f4te d\u2019Ivoire, en Janvier 2020 et ouvre ses portes dans le quartier de Niangon sud.\u00a0 \u00a0 [&hellip;]\" \/>\n<meta property=\"og:url\" content=\"https:\/\/sbx82.cod.cc\/cfao\/supeco\/qui-sommes-nous\/\" \/>\n<meta property=\"og:site_name\" content=\"Supeco\" \/>\n<meta property=\"article:modified_time\" content=\"2025-05-26T13:17:55+00:00\" \/>\n<meta property=\"og:image\" content=\"https:\/\/sbx82.cod.cc\/cfao\/supeco\/wp-content\/uploads\/2020\/01\/TRC_1497-s-768x512.jpg\" \/>\n<meta name=\"twitter:card\" content=\"summary_large_image\" \/>\n<meta name=\"twitter:label1\" content=\"Dur\u00e9e de lecture estim\u00e9e\" \/>\n\t<meta name=\"twitter:data1\" content=\"1 minute\" \/>\n<script type=\"application\/ld+json\" class=\"yoast-schema-graph\">{\"@context\":\"https:\/\/schema.org\",\"@graph\":[{\"@type\":\"WebPage\",\"@id\":\"https:\/\/sbx82.cod.cc\/cfao\/supeco\/qui-sommes-nous\/\",\"url\":\"https:\/\/sbx82.cod.cc\/cfao\/supeco\/qui-sommes-nous\/\",\"name\":\"Qui sommes nous ? - Supeco\",\"isPartOf\":{\"@id\":\"https:\/\/sbx82.cod.cc\/cfao\/supeco\/#website\"},\"primaryImageOfPage\":{\"@id\":\"https:\/\/sbx82.cod.cc\/cfao\/supeco\/qui-sommes-nous\/#primaryimage\"},\"image\":{\"@id\":\"https:\/\/sbx82.cod.cc\/cfao\/supeco\/qui-sommes-nous\/#primaryimage\"},\"thumbnailUrl\":\"https:\/\/sbx82.cod.cc\/cfao\/supeco\/wp-content\/uploads\/2020\/01\/TRC_1497-s-768x512.jpg\",\"datePublished\":\"2019-04-02T13:34:11+00:00\",\"dateModified\":\"2025-05-26T13:17:55+00:00\",\"inLanguage\":\"fr-FR\",\"potentialAction\":[{\"@type\":\"ReadAction\",\"target\":[\"https:\/\/sbx82.cod.cc\/cfao\/supeco\/qui-sommes-nous\/\"]}]},{\"@type\":\"ImageObject\",\"inLanguage\":\"fr-FR\",\"@id\":\"https:\/\/sbx82.cod.cc\/cfao\/supeco\/qui-sommes-nous\/#primaryimage\",\"url\":\"https:\/\/sbx82.cod.cc\/cfao\/supeco\/wp-content\/uploads\/2020\/01\/TRC_1497-s.jpg\",\"contentUrl\":\"https:\/\/sbx82.cod.cc\/cfao\/supeco\/wp-content\/uploads\/2020\/01\/TRC_1497-s.jpg\",\"width\":1238,\"height\":825},{\"@type\":\"WebSite\",\"@id\":\"https:\/\/sbx82.cod.cc\/cfao\/supeco\/#website\",\"url\":\"https:\/\/sbx82.cod.cc\/cfao\/supeco\/\",\"name\":\"Supeco\",\"description\":\"Supermarch\u00e9 \u00e9conomique - permet de r\u00e9aliser des \u00e9conomies tous les jours\",\"publisher\":{\"@id\":\"https:\/\/sbx82.cod.cc\/cfao\/supeco\/#organization\"},\"potentialAction\":[{\"@type\":\"SearchAction\",\"target\":{\"@type\":\"EntryPoint\",\"urlTemplate\":\"https:\/\/sbx82.cod.cc\/cfao\/supeco\/?s={search_term_string}\"},\"query-input\":{\"@type\":\"PropertyValueSpecification\",\"valueRequired\":true,\"valueName\":\"search_term_string\"}}],\"inLanguage\":\"fr-FR\"},{\"@type\":\"Organization\",\"@id\":\"https:\/\/sbx82.cod.cc\/cfao\/supeco\/#organization\",\"name\":\"Supeco\",\"url\":\"https:\/\/sbx82.cod.cc\/cfao\/supeco\/\",\"logo\":{\"@type\":\"ImageObject\",\"inLanguage\":\"fr-FR\",\"@id\":\"https:\/\/sbx82.cod.cc\/cfao\/supeco\/#\/schema\/logo\/image\/\",\"url\":\"https:\/\/sbx82.cod.cc\/cfao\/supeco\/wp-content\/uploads\/2019\/03\/supeco-baseline-rectangle-logo.gif\",\"contentUrl\":\"https:\/\/sbx82.cod.cc\/cfao\/supeco\/wp-content\/uploads\/2019\/03\/supeco-baseline-rectangle-logo.gif\",\"width\":200,\"height\":73,\"caption\":\"Supeco\"},\"image\":{\"@id\":\"https:\/\/sbx82.cod.cc\/cfao\/supeco\/#\/schema\/logo\/image\/\"},\"sameAs\":[\"https:\/\/www.linkedin.com\/company\/28987507\/\"]}]}<\/script>\n<!-- \/ Yoast SEO plugin. -->","yoast_head_json":{"title":"Qui sommes nous ? - Supeco","robots":{"index":"index","follow":"follow","max-snippet":"max-snippet:-1","max-image-preview":"max-image-preview:large","max-video-preview":"max-video-preview:-1"},"canonical":"https:\/\/sbx82.cod.cc\/cfao\/supeco\/qui-sommes-nous\/","og_locale":"fr_FR","og_type":"article","og_title":"Qui sommes nous ? - Supeco","og_description":"Qui sommes-nous ? Supeco, enseigne du groupe Carrefour, d\u00e9bute son aventure en avril 2019 en Afrique sub-saharienne \u00e0 Dakar, S\u00e9n\u00e9gal, o\u00f9 le concept est op\u00e9r\u00e9 par CFAO Retail dans le cadre de la coentreprise Carrefour\/CFAO. Supeco arrive \u00e0 Abidjan, C\u00f4te d\u2019Ivoire, en Janvier 2020 et ouvre ses portes dans le quartier de Niangon sud.\u00a0 \u00a0 [&hellip;]","og_url":"https:\/\/sbx82.cod.cc\/cfao\/supeco\/qui-sommes-nous\/","og_site_name":"Supeco","article_modified_time":"2025-05-26T13:17:55+00:00","og_image":[{"url":"https:\/\/sbx82.cod.cc\/cfao\/supeco\/wp-content\/uploads\/2020\/01\/TRC_1497-s-768x512.jpg","type":"","width":"","height":""}],"twitter_card":"summary_large_image","twitter_misc":{"Dur\u00e9e de lecture estim\u00e9e":"1 minute"},"schema":{"@context":"https:\/\/schema.org","@graph":[{"@type":"WebPage","@id":"https:\/\/sbx82.cod.cc\/cfao\/supeco\/qui-sommes-nous\/","url":"https:\/\/sbx82.cod.cc\/cfao\/supeco\/qui-sommes-nous\/","name":"Qui sommes nous ? - Supeco","isPartOf":{"@id":"https:\/\/sbx82.cod.cc\/cfao\/supeco\/#website"},"primaryImageOfPage":{"@id":"https:\/\/sbx82.cod.cc\/cfao\/supeco\/qui-sommes-nous\/#primaryimage"},"image":{"@id":"https:\/\/sbx82.cod.cc\/cfao\/supeco\/qui-sommes-nous\/#primaryimage"},"thumbnailUrl":"https:\/\/sbx82.cod.cc\/cfao\/supeco\/wp-content\/uploads\/2020\/01\/TRC_1497-s-768x512.jpg","datePublished":"2019-04-02T13:34:11+00:00","dateModified":"2025-05-26T13:17:55+00:00","inLanguage":"fr-FR","potentialAction":[{"@type":"ReadAction","target":["https:\/\/sbx82.cod.cc\/cfao\/supeco\/qui-sommes-nous\/"]}]},{"@type":"ImageObject","inLanguage":"fr-FR","@id":"https:\/\/sbx82.cod.cc\/cfao\/supeco\/qui-sommes-nous\/#primaryimage","url":"https:\/\/sbx82.cod.cc\/cfao\/supeco\/wp-content\/uploads\/2020\/01\/TRC_1497-s.jpg","contentUrl":"https:\/\/sbx82.cod.cc\/cfao\/supeco\/wp-content\/uploads\/2020\/01\/TRC_1497-s.jpg","width":1238,"height":825},{"@type":"WebSite","@id":"https:\/\/sbx82.cod.cc\/cfao\/supeco\/#website","url":"https:\/\/sbx82.cod.cc\/cfao\/supeco\/","name":"Supeco","description":"Supermarch\u00e9 \u00e9conomique - permet de r\u00e9aliser des \u00e9conomies tous les jours","publisher":{"@id":"https:\/\/sbx82.cod.cc\/cfao\/supeco\/#organization"},"potentialAction":[{"@type":"SearchAction","target":{"@type":"EntryPoint","urlTemplate":"https:\/\/sbx82.cod.cc\/cfao\/supeco\/?s={search_term_string}"},"query-input":{"@type":"PropertyValueSpecification","valueRequired":true,"valueName":"search_term_string"}}],"inLanguage":"fr-FR"},{"@type":"Organization","@id":"https:\/\/sbx82.cod.cc\/cfao\/supeco\/#organization","name":"Supeco","url":"https:\/\/sbx82.cod.cc\/cfao\/supeco\/","logo":{"@type":"ImageObject","inLanguage":"fr-FR","@id":"https:\/\/sbx82.cod.cc\/cfao\/supeco\/#\/schema\/logo\/image\/","url":"https:\/\/sbx82.cod.cc\/cfao\/supeco\/wp-content\/uploads\/2019\/03\/supeco-baseline-rectangle-logo.gif","contentUrl":"https:\/\/sbx82.cod.cc\/cfao\/supeco\/wp-content\/uploads\/2019\/03\/supeco-baseline-rectangle-logo.gif","width":200,"height":73,"caption":"Supeco"},"image":{"@id":"https:\/\/sbx82.cod.cc\/cfao\/supeco\/#\/schema\/logo\/image\/"},"sameAs":["https:\/\/www.linkedin.com\/company\/28987507\/"]}]}},"_links":{"self":[{"href":"https:\/\/sbx82.cod.cc\/cfao\/supeco\/wp-json\/wp\/v2\/pages\/1645","targetHints":{"allow":["GET"]}}],"collection":[{"href":"https:\/\/sbx82.cod.cc\/cfao\/supeco\/wp-json\/wp\/v2\/pages"}],"about":[{"href":"https:\/\/sbx82.cod.cc\/cfao\/supeco\/wp-json\/wp\/v2\/types\/page"}],"author":[{"embeddable":true,"href":"https:\/\/sbx82.cod.cc\/cfao\/supeco\/wp-json\/wp\/v2\/users\/1"}],"replies":[{"embeddable":true,"href":"https:\/\/sbx82.cod.cc\/cfao\/supeco\/wp-json\/wp\/v2\/comments?post=1645"}],"version-history":[{"count":45,"href":"https:\/\/sbx82.cod.cc\/cfao\/supeco\/wp-json\/wp\/v2\/pages\/1645\/revisions"}],"predecessor-version":[{"id":3815,"href":"https:\/\/sbx82.cod.cc\/cfao\/supeco\/wp-json\/wp\/v2\/pages\/1645\/revisions\/3815"}],"wp:attachment":[{"href":"https:\/\/sbx82.cod.cc\/cfao\/supeco\/wp-json\/wp\/v2\/media?parent=1645"}],"curies":[{"name":"wp","href":"https:\/\/api.w.org\/{rel}","templated":true}]}}