{"id":1611,"date":"2019-03-26T15:38:52","date_gmt":"2019-03-26T14:38:52","guid":{"rendered":"https:\/\/sandbox2.n-3rd.com\/supeco\/?page_id=1611"},"modified":"2019-03-26T15:38:52","modified_gmt":"2019-03-26T14:38:52","slug":"mention-legales","status":"publish","type":"page","link":"https:\/\/sbx82.cod.cc\/cfao\/supeco\/mention-legales\/","title":{"rendered":"Mention l\u00e9gales"},"content":{"rendered":"\n<p>Ce site a pour objet de fournir des informations sur la soci\u00e9t\u00e9 CFAO et son\ngroupe. On entend par \u00ab groupe CFAO \u00bb l\u2019ensemble constitu\u00e9 par CFAO et ses\nfiliales. En utilisant ce site, le visiteur reconna\u00eet avoir eu la possibilit\u00e9\nde prendre connaissance de l\u2019avertissement. La soci\u00e9t\u00e9 CFAO s\u2019efforce d\u2019assurer\nl\u2019exactitude et la mise \u00e0 jour des informations diffus\u00e9es sur ce site, et se\nr\u00e9serve le droit d\u2019en corriger, \u00e0 tout moment et sans pr\u00e9avis, le contenu.\nToutefois, la soci\u00e9t\u00e9 CFAO ne peut garantir l\u2019exactitude, la pr\u00e9cision ou\nl\u2019exhaustivit\u00e9 des informations mises \u00e0 la disposition sur ce site, y compris\nde l\u2019ensemble des hyperliens ou tout autre liaison informatique utilis\u00e9e\ndirectement ou indirectement \u00e0 partir du site. Aussi, le visiteur est invit\u00e9 \u00e0\nv\u00e9rifier l\u2019information par d\u2019autres moyens, y compris en contactant la soci\u00e9t\u00e9.<\/p>\n\n\n\n<p>En cons\u00e9quence, la soci\u00e9t\u00e9 CFAO d\u00e9cline toute responsabilit\u00e9 :<\/p>\n\n\n\n<ul class=\"wp-block-list\"><li>Pour toute impr\u00e9cision, inexactitude ou omission portant sur des\ninformations disponibles sur ce site;<\/li><li>Pour tous dommages r\u00e9sultant d\u2019une intrusion frauduleuse d\u2019un tiers ayant\nentra\u00een\u00e9 une modification des informations mises \u00e0 la disposition sur le site<\/li><li>et plus g\u00e9n\u00e9ralement pour tous dommages, directs ou indirects, quelles\nqu\u2019en soient les causes, origines, nature ou cons\u00e9quences, provoqu\u00e9s par\nl\u2019acc\u00e8s de quiconque au site ou par l\u2019impossibilit\u00e9 d\u2019y acc\u00e9der, de m\u00eame que\nl\u2019utilisation du site et\/ou du cr\u00e9dit accord\u00e9 \u00e0 une quelconque information\nprovenant directement ou indirectement de ce dernier.<\/li><\/ul>\n\n\n\n<p>Par ailleurs, sauf mention contraire, les droits de propri\u00e9t\u00e9\nintellectuelle sur les documents contenus dans le site et chacun des \u00e9l\u00e9ments\ncr\u00e9\u00e9s pour ce site sont la propri\u00e9t\u00e9 exclusive de la soci\u00e9t\u00e9 CFAO, celle-ci ne\nconc\u00e9dant aucune licence, ni aucun droit que celui de consulter le site. En\nparticulier, les marques et autres droits de propri\u00e9t\u00e9 intellectuelle cit\u00e9s sur\nle site sont la propri\u00e9t\u00e9 des entit\u00e9s concern\u00e9es du groupe CFAO. La\nreproduction de tous documents publi\u00e9s sur le site est seulement autoris\u00e9e aux\nfins exclusives d\u2019informations pour un usage personnel et priv\u00e9, toute\nreproduction et toute utilisation de copies r\u00e9alis\u00e9es \u00e0 d\u2019autres fins \u00e9tant\nexpress\u00e9ment interdite.<\/p>\n\n\n\n<p><strong>Donn\u00e9es<\/strong><\/p>\n\n\n\n<p><strong>Licence<\/strong><\/p>\n\n\n\n<p>En se connectant aux sites du groupe CFAO, et de ce\nseul fait, l\u2019utilisateur reconna\u00eet accepter de la soci\u00e9t\u00e9 CFAO, soci\u00e9t\u00e9 anonyme\n\u00e0 conseil de surveillance et directoire (ci-apr\u00e8s \u00ab la Soci\u00e9t\u00e9 \u00bb), \u00e9ditrice du\nsite, une licence dont il s\u2019engage \u00e0 respecter les termes. Les sites du groupe\nCFAO ne demandent pas d\u2019enregistrement \u00e0 ses visiteurs, et ne proc\u00e8dent \u00e0 aucun\nenregistrement nominatif pour la simple consultation de ses pages.<\/p>\n\n\n\n<p><strong>Cookies<\/strong><\/p>\n\n\n\n<p>Le site utilise la technique des \u00ab&nbsp;cookies&nbsp;\u00bb\n\u00e0 des fins publicitaires, afin de diriger certaines publicit\u00e9s en fonction de l\u2019adresse\ndes internautes. Le logiciel WordPress, est l\u2019outil mis en \u0153uvre dans ce but.\nIl ne met en \u0153uvre aucun traitement nominatif. La Soci\u00e9t\u00e9 peut dans certains\ncas utiliser des cookies \u00e0 des fins autres que publicitaires, notamment\ntechniques, par exemple pour contr\u00f4ler des proc\u00e9dures de vote ou optimiser la\nvisualisation de ses pages. En aucun cas une corr\u00e9lation n\u2019est faite entre ces\ncookies et des informations nominatives que pourrait d\u00e9tenir la Soci\u00e9t\u00e9.<\/p>\n\n\n\n<p><strong>Coordonn\u00e9es\npersonnelles. Quelles donn\u00e9es recueillons-nous&nbsp;?<\/strong><\/p>\n\n\n\n<p>Nous pouvons recueillir directement aupr\u00e8s de vous via\nle questionnaire \u00ab&nbsp;Contact&nbsp;\u00bb des donn\u00e9es \u00e0 caract\u00e8re personnel.\nConform\u00e9ment au principe de minimisation, nous ne collectons que les donn\u00e9es\nn\u00e9cessaires au regard des finalit\u00e9s pour lesquelles elles sont\ntrait\u00e9es.&nbsp;Les diff\u00e9rentes cat\u00e9gories de donn\u00e9es collect\u00e9es dans le cadre\nde votre utilisation de nos services ou applications sont les suivantes&nbsp;:<\/p>\n\n\n\n<p>Civilit\u00e9<\/p>\n\n\n\n<p>Nom de famille<\/p>\n\n\n\n<p>Pr\u00e9nom<\/p>\n\n\n\n<p>Email<\/p>\n\n\n\n<p>Num\u00e9ro de t\u00e9l\u00e9phone<\/p>\n\n\n\n<p>Pays de r\u00e9sidence<\/p>\n\n\n\n<p>Ville<\/p>\n\n\n\n<p><strong>Quelles\nutilisations des donn\u00e9es personnelles faisons-nous&nbsp;?<\/strong><\/p>\n\n\n\n<p>Vos donn\u00e9es \u00e0 caract\u00e8re personnel sont collect\u00e9es et\ntrait\u00e9es uniquement sur la base des fondements juridiques pr\u00e9vus par la\nr\u00e9glementation \u00e0 des fins d\u2019int\u00e9r\u00eats l\u00e9gitimes ou, le cas \u00e9ch\u00e9ant, sur la base\nde votre consentement&nbsp;:<\/p>\n\n\n\n<p><em>R\u00e9pondre\n\u00e0 vos questions sur nos offres, nos services notamment&nbsp;;<\/em><\/p>\n\n\n\n<p><em>Enrichir\net valoriser de la base clients \/ prospects&nbsp;;<\/em><\/p>\n\n\n\n<p><strong>Dur\u00e9e\nde conservation<\/strong><br>\nNous ne conservons vos donn\u00e9es que pendant la dur\u00e9e n\u00e9cessaire \u00e0 l\u2019accomplissement\ndes finalit\u00e9s mentionn\u00e9es ci-dessus ou pour nous permettre de r\u00e9pondre \u00e0 nos\nobligations l\u00e9gales.<br>\nLes donn\u00e9es \u00e0 caract\u00e8re personnel utilis\u00e9es \u00e0 des fins de prospection\ncommerciale peuvent \u00eatre conserv\u00e9es pour une dur\u00e9e maximale de trois (3) ans.<\/p>\n\n\n\n<p><strong>Vers\nquels destinataires ?<\/strong><br>\nVos donn\u00e9es \u00e0 caract\u00e8re personnel pourront \u00eatre trait\u00e9es par le personnel\nhabilit\u00e9 du groupe, des partenaires ou prestataires de CFAO.<\/p>\n\n\n\n<p><strong>Quelle\ns\u00e9curit\u00e9 pour vos donn\u00e9es ?<\/strong><br>\nNous avons d\u00e9fini des mesures techniques et organisationnelles permettant de\nprot\u00e9ger vos donn\u00e9es de fa\u00e7on appropri\u00e9e selon leur nature, l\u2019\u00e9tendue du\ntraitement et leur accessibilit\u00e9. Il peut s\u2019agir par exemple de chiffrement des\ndonn\u00e9es, de gestion de droits d\u2019acc\u00e8s, de flux s\u00e9curis\u00e9s,<\/p>\n\n\n\n<p>Le respect de la s\u00e9curit\u00e9 et de la protection de vos donn\u00e9es s\u2019impose \u00e0\nl\u2019ensemble de nos collaborateurs ainsi qu\u2019\u00e0 nos prestataires.<\/p>\n\n\n\n<p>CFAO \u2013&nbsp;18 Rue Troyon \u2013&nbsp;92316 S\u00e8vres Cedex\n\u2013&nbsp;France \u2013&nbsp;webmaster(at)cfao.com<\/p>\n\n\n\n<p>Responsable de la publication :&nbsp;Richard BIELLE<\/p>\n\n\n\n<p>Droit d\u2019acc\u00e8s :&nbsp;CFAO Retail \u2013 Dakar au S\u00e9n\u00e9gal \/\nAbidjan en C\u00f4te d\u2019Ivoire \/ Douala au Cameroun.<\/p>\n\n\n\n<p>H\u00e9bergeur :&nbsp;Owentis- 53, rue Baudin \u2013 92300\nLevallois-Perret \u2013 France<\/p>\n","protected":false},"excerpt":{"rendered":"<p>Ce site a pour objet de fournir des informations sur la soci\u00e9t\u00e9 CFAO et son groupe. On entend par \u00ab groupe CFAO \u00bb l\u2019ensemble constitu\u00e9 par CFAO et ses filiales. En utilisant ce site, le visiteur reconna\u00eet avoir eu la possibilit\u00e9 de prendre connaissance de l\u2019avertissement. La soci\u00e9t\u00e9 CFAO s\u2019efforce d\u2019assurer l\u2019exactitude et la mise [&hellip;]<\/p>\n","protected":false},"author":1,"featured_media":0,"parent":0,"menu_order":0,"comment_status":"closed","ping_status":"closed","template":"","meta":{"_acf_changed":false,"footnotes":""},"class_list":["post-1611","page","type-page","status-publish","hentry"],"pp_force_visibility":null,"pp_subpost_visibility":null,"pp_inherited_force_visibility":null,"pp_inherited_subpost_visibility":null,"acf":[],"yoast_head":"<!-- This site is optimized with the Yoast SEO plugin v25.2 - https:\/\/yoast.com\/wordpress\/plugins\/seo\/ -->\n<title>Mention l\u00e9gales - Supeco<\/title>\n<meta name=\"robots\" content=\"index, follow, max-snippet:-1, max-image-preview:large, max-video-preview:-1\" \/>\n<link rel=\"canonical\" href=\"https:\/\/sbx82.cod.cc\/cfao\/supeco\/mention-legales\/\" \/>\n<meta property=\"og:locale\" content=\"fr_FR\" \/>\n<meta property=\"og:type\" content=\"article\" \/>\n<meta property=\"og:title\" content=\"Mention l\u00e9gales - Supeco\" \/>\n<meta property=\"og:description\" content=\"Ce site a pour objet de fournir des informations sur la soci\u00e9t\u00e9 CFAO et son groupe. On entend par \u00ab groupe CFAO \u00bb l\u2019ensemble constitu\u00e9 par CFAO et ses filiales. En utilisant ce site, le visiteur reconna\u00eet avoir eu la possibilit\u00e9 de prendre connaissance de l\u2019avertissement. La soci\u00e9t\u00e9 CFAO s\u2019efforce d\u2019assurer l\u2019exactitude et la mise [&hellip;]\" \/>\n<meta property=\"og:url\" content=\"https:\/\/sbx82.cod.cc\/cfao\/supeco\/mention-legales\/\" \/>\n<meta property=\"og:site_name\" content=\"Supeco\" \/>\n<meta name=\"twitter:card\" content=\"summary_large_image\" \/>\n<meta name=\"twitter:label1\" content=\"Dur\u00e9e de lecture estim\u00e9e\" \/>\n\t<meta name=\"twitter:data1\" content=\"5 minutes\" \/>\n<script type=\"application\/ld+json\" class=\"yoast-schema-graph\">{\"@context\":\"https:\/\/schema.org\",\"@graph\":[{\"@type\":\"WebPage\",\"@id\":\"https:\/\/sbx82.cod.cc\/cfao\/supeco\/mention-legales\/\",\"url\":\"https:\/\/sbx82.cod.cc\/cfao\/supeco\/mention-legales\/\",\"name\":\"Mention l\u00e9gales - Supeco\",\"isPartOf\":{\"@id\":\"https:\/\/sbx82.cod.cc\/cfao\/supeco\/#website\"},\"datePublished\":\"2019-03-26T14:38:52+00:00\",\"inLanguage\":\"fr-FR\",\"potentialAction\":[{\"@type\":\"ReadAction\",\"target\":[\"https:\/\/sbx82.cod.cc\/cfao\/supeco\/mention-legales\/\"]}]},{\"@type\":\"WebSite\",\"@id\":\"https:\/\/sbx82.cod.cc\/cfao\/supeco\/#website\",\"url\":\"https:\/\/sbx82.cod.cc\/cfao\/supeco\/\",\"name\":\"Supeco\",\"description\":\"Supermarch\u00e9 \u00e9conomique - permet de r\u00e9aliser des \u00e9conomies tous les jours\",\"publisher\":{\"@id\":\"https:\/\/sbx82.cod.cc\/cfao\/supeco\/#organization\"},\"potentialAction\":[{\"@type\":\"SearchAction\",\"target\":{\"@type\":\"EntryPoint\",\"urlTemplate\":\"https:\/\/sbx82.cod.cc\/cfao\/supeco\/?s={search_term_string}\"},\"query-input\":{\"@type\":\"PropertyValueSpecification\",\"valueRequired\":true,\"valueName\":\"search_term_string\"}}],\"inLanguage\":\"fr-FR\"},{\"@type\":\"Organization\",\"@id\":\"https:\/\/sbx82.cod.cc\/cfao\/supeco\/#organization\",\"name\":\"Supeco\",\"url\":\"https:\/\/sbx82.cod.cc\/cfao\/supeco\/\",\"logo\":{\"@type\":\"ImageObject\",\"inLanguage\":\"fr-FR\",\"@id\":\"https:\/\/sbx82.cod.cc\/cfao\/supeco\/#\/schema\/logo\/image\/\",\"url\":\"https:\/\/sbx82.cod.cc\/cfao\/supeco\/wp-content\/uploads\/2019\/03\/supeco-baseline-rectangle-logo.gif\",\"contentUrl\":\"https:\/\/sbx82.cod.cc\/cfao\/supeco\/wp-content\/uploads\/2019\/03\/supeco-baseline-rectangle-logo.gif\",\"width\":200,\"height\":73,\"caption\":\"Supeco\"},\"image\":{\"@id\":\"https:\/\/sbx82.cod.cc\/cfao\/supeco\/#\/schema\/logo\/image\/\"},\"sameAs\":[\"https:\/\/www.linkedin.com\/company\/28987507\/\"]}]}<\/script>\n<!-- \/ Yoast SEO plugin. -->","yoast_head_json":{"title":"Mention l\u00e9gales - Supeco","robots":{"index":"index","follow":"follow","max-snippet":"max-snippet:-1","max-image-preview":"max-image-preview:large","max-video-preview":"max-video-preview:-1"},"canonical":"https:\/\/sbx82.cod.cc\/cfao\/supeco\/mention-legales\/","og_locale":"fr_FR","og_type":"article","og_title":"Mention l\u00e9gales - Supeco","og_description":"Ce site a pour objet de fournir des informations sur la soci\u00e9t\u00e9 CFAO et son groupe. On entend par \u00ab groupe CFAO \u00bb l\u2019ensemble constitu\u00e9 par CFAO et ses filiales. En utilisant ce site, le visiteur reconna\u00eet avoir eu la possibilit\u00e9 de prendre connaissance de l\u2019avertissement. La soci\u00e9t\u00e9 CFAO s\u2019efforce d\u2019assurer l\u2019exactitude et la mise [&hellip;]","og_url":"https:\/\/sbx82.cod.cc\/cfao\/supeco\/mention-legales\/","og_site_name":"Supeco","twitter_card":"summary_large_image","twitter_misc":{"Dur\u00e9e de lecture estim\u00e9e":"5 minutes"},"schema":{"@context":"https:\/\/schema.org","@graph":[{"@type":"WebPage","@id":"https:\/\/sbx82.cod.cc\/cfao\/supeco\/mention-legales\/","url":"https:\/\/sbx82.cod.cc\/cfao\/supeco\/mention-legales\/","name":"Mention l\u00e9gales - Supeco","isPartOf":{"@id":"https:\/\/sbx82.cod.cc\/cfao\/supeco\/#website"},"datePublished":"2019-03-26T14:38:52+00:00","inLanguage":"fr-FR","potentialAction":[{"@type":"ReadAction","target":["https:\/\/sbx82.cod.cc\/cfao\/supeco\/mention-legales\/"]}]},{"@type":"WebSite","@id":"https:\/\/sbx82.cod.cc\/cfao\/supeco\/#website","url":"https:\/\/sbx82.cod.cc\/cfao\/supeco\/","name":"Supeco","description":"Supermarch\u00e9 \u00e9conomique - permet de r\u00e9aliser des \u00e9conomies tous les jours","publisher":{"@id":"https:\/\/sbx82.cod.cc\/cfao\/supeco\/#organization"},"potentialAction":[{"@type":"SearchAction","target":{"@type":"EntryPoint","urlTemplate":"https:\/\/sbx82.cod.cc\/cfao\/supeco\/?s={search_term_string}"},"query-input":{"@type":"PropertyValueSpecification","valueRequired":true,"valueName":"search_term_string"}}],"inLanguage":"fr-FR"},{"@type":"Organization","@id":"https:\/\/sbx82.cod.cc\/cfao\/supeco\/#organization","name":"Supeco","url":"https:\/\/sbx82.cod.cc\/cfao\/supeco\/","logo":{"@type":"ImageObject","inLanguage":"fr-FR","@id":"https:\/\/sbx82.cod.cc\/cfao\/supeco\/#\/schema\/logo\/image\/","url":"https:\/\/sbx82.cod.cc\/cfao\/supeco\/wp-content\/uploads\/2019\/03\/supeco-baseline-rectangle-logo.gif","contentUrl":"https:\/\/sbx82.cod.cc\/cfao\/supeco\/wp-content\/uploads\/2019\/03\/supeco-baseline-rectangle-logo.gif","width":200,"height":73,"caption":"Supeco"},"image":{"@id":"https:\/\/sbx82.cod.cc\/cfao\/supeco\/#\/schema\/logo\/image\/"},"sameAs":["https:\/\/www.linkedin.com\/company\/28987507\/"]}]}},"_links":{"self":[{"href":"https:\/\/sbx82.cod.cc\/cfao\/supeco\/wp-json\/wp\/v2\/pages\/1611","targetHints":{"allow":["GET"]}}],"collection":[{"href":"https:\/\/sbx82.cod.cc\/cfao\/supeco\/wp-json\/wp\/v2\/pages"}],"about":[{"href":"https:\/\/sbx82.cod.cc\/cfao\/supeco\/wp-json\/wp\/v2\/types\/page"}],"author":[{"embeddable":true,"href":"https:\/\/sbx82.cod.cc\/cfao\/supeco\/wp-json\/wp\/v2\/users\/1"}],"replies":[{"embeddable":true,"href":"https:\/\/sbx82.cod.cc\/cfao\/supeco\/wp-json\/wp\/v2\/comments?post=1611"}],"version-history":[{"count":1,"href":"https:\/\/sbx82.cod.cc\/cfao\/supeco\/wp-json\/wp\/v2\/pages\/1611\/revisions"}],"predecessor-version":[{"id":1612,"href":"https:\/\/sbx82.cod.cc\/cfao\/supeco\/wp-json\/wp\/v2\/pages\/1611\/revisions\/1612"}],"wp:attachment":[{"href":"https:\/\/sbx82.cod.cc\/cfao\/supeco\/wp-json\/wp\/v2\/media?parent=1611"}],"curies":[{"name":"wp","href":"https:\/\/api.w.org\/{rel}","templated":true}]}}