{"version":"1.0","provider_name":"Supeco","provider_url":"https:\/\/sbx82.cod.cc\/cfao\/supeco","title":"R\u00e9ouverture de 2 supermarch\u00e9 Supeco \u00e0 Dakar - Supeco","type":"rich","width":600,"height":338,"html":"<blockquote class=\"wp-embedded-content\" data-secret=\"SDMUQIU5XS\"><a href=\"https:\/\/sbx82.cod.cc\/cfao\/supeco\/reouverture-de-2-supeco-a-dakar\/\">R\u00e9ouverture de 2 supermarch\u00e9 Supeco \u00e0 Dakar<\/a><\/blockquote><iframe sandbox=\"allow-scripts\" security=\"restricted\" src=\"https:\/\/sbx82.cod.cc\/cfao\/supeco\/reouverture-de-2-supeco-a-dakar\/embed\/#?secret=SDMUQIU5XS\" width=\"600\" height=\"338\" title=\"\u00ab\u00a0R\u00e9ouverture de 2 supermarch\u00e9 Supeco \u00e0 Dakar\u00a0\u00bb &#8212; Supeco\" data-secret=\"SDMUQIU5XS\" frameborder=\"0\" marginwidth=\"0\" marginheight=\"0\" scrolling=\"no\" class=\"wp-embedded-content\"><\/iframe><script>\n\/*! This file is auto-generated *\/\n!function(d,l){\"use strict\";l.querySelector&&d.addEventListener&&\"undefined\"!=typeof URL&&(d.wp=d.wp||{},d.wp.receiveEmbedMessage||(d.wp.receiveEmbedMessage=function(e){var t=e.data;if((t||t.secret||t.message||t.value)&&!\/[^a-zA-Z0-9]\/.test(t.secret)){for(var s,r,n,a=l.querySelectorAll('iframe[data-secret=\"'+t.secret+'\"]'),o=l.querySelectorAll('blockquote[data-secret=\"'+t.secret+'\"]'),c=new RegExp(\"^https?:$\",\"i\"),i=0;i<o.length;i++)o[i].style.display=\"none\";for(i=0;i<a.length;i++)s=a[i],e.source===s.contentWindow&&(s.removeAttribute(\"style\"),\"height\"===t.message?(1e3<(r=parseInt(t.value,10))?r=1e3:~~r<200&&(r=200),s.height=r):\"link\"===t.message&&(r=new URL(s.getAttribute(\"src\")),n=new URL(t.value),c.test(n.protocol))&&n.host===r.host&&l.activeElement===s&&(d.top.location.href=t.value))}},d.addEventListener(\"message\",d.wp.receiveEmbedMessage,!1),l.addEventListener(\"DOMContentLoaded\",function(){for(var e,t,s=l.querySelectorAll(\"iframe.wp-embedded-content\"),r=0;r<s.length;r++)(t=(e=s[r]).getAttribute(\"data-secret\"))||(t=Math.random().toString(36).substring(2,12),e.src+=\"#?secret=\"+t,e.setAttribute(\"data-secret\",t)),e.contentWindow.postMessage({message:\"ready\",secret:t},\"*\")},!1)))}(window,document);\n<\/script>\n","thumbnail_url":"https:\/\/sbx82.cod.cc\/cfao\/supeco\/wp-content\/uploads\/2023\/11\/380Lx200H_supermarche_01_Plan-de-travail-1-scaled.jpg","thumbnail_width":2560,"thumbnail_height":1354,"description":"Dakar, le 29 octobre 2023&nbsp;: quatre ans jour pour jour apr\u00e8s son inauguration, le 30 octobre 2019, les \u00e9quipes de CFAO Consumer S\u00e9n\u00e9gal sont heureuses de r\u00e9ouvrir aujourd\u2019hui, le supermarch\u00e9 Supeco Golf et d\u2019annoncer la r\u00e9ouverture semaine prochaine, de celui de Gu\u00e9diawaye. La c\u00e9r\u00e9monie de r\u00e9ouverture s\u2019est tenue en pr\u00e9sence Jean-Christophe Brindeau, Directeur G\u00e9n\u00e9ral de [&hellip;]"}